{"id":60,"date":"2021-04-16T18:09:39","date_gmt":"2021-04-16T18:09:39","guid":{"rendered":"http:\/\/localhost:85\/?page_id=60"},"modified":"2025-12-29T14:43:51","modified_gmt":"2025-12-29T13:43:51","slug":"the-centre","status":"publish","type":"page","link":"https:\/\/strasbourg.theelthub.com\/fr\/the-centre\/","title":{"rendered":"The Centre"},"content":{"rendered":"<p>La Chambre de commerce de Strasbourg, par le biais de son Centre de langues internationales, propose des cours d\u2019anglais depuis plus de 30 ans, \u00e0 tous types de publics, des demandeurs d\u2019emploi aux cadres d\u2019entreprise. C\u2019est le centre de r\u00e9f\u00e9rence en France orientale pour les examens Cambridge, notamment le FCE, le KET, le CPE et l\u2019ILEC.<\/p>\n\n\n\n<p>Le centre de formation est un b\u00e2timent moderne, situ\u00e9 \u00e0 seulement 1 km du centre-ville. Dot\u00e9 de salles de classe confortables, d\u2019un centre multim\u00e9dia, d\u2019une biblioth\u00e8que et d\u2019une caf\u00e9t\u00e9ria, il offre un cadre id\u00e9al pour l\u2019apprentissage des langues. Strasbourg n\u2019est pas une grande ville ; vous pourrez facilement vous y d\u00e9placer \u00e0 v\u00e9lo. Un trajet bien plus agr\u00e9able que les transports en commun !<\/p>\n\n\n\n<p>Strasbourg est un lieu privil\u00e9gi\u00e9 pour explorer les enjeux politiques et \u00e9conomiques qui influencent l\u2019apprentissage des langues en Europe. Situ\u00e9e \u00e0 la fronti\u00e8re franco-allemande, abritant le magnifique si\u00e8ge du Parlement europ\u00e9en, la Direction des politiques linguistiques du Conseil de l\u2019Europe et la Cour europ\u00e9enne des droits de l\u2019homme, Strasbourg est le c\u0153ur de la politique europ\u00e9enne. C\u2019est une ville dynamique et multiculturelle, confront\u00e9e depuis longtemps aux sp\u00e9cificit\u00e9s des deux langues majeures d\u2019Europe : le fran\u00e7ais et l\u2019allemand. Avec l\u2019essor de l\u2019anglais comme langue de commerce et de communication internationale en Europe, Strasbourg est un lieu unique pour observer ce ph\u00e9nom\u00e8ne.<\/p>\n\n\n\n<p>Strasbourg est \u00e9galement la capitale de la r\u00e9gion Alsace. Ses magnifiques for\u00eats, ses montagnes et ses vignobles sont ses principaux atouts. La qualit\u00e9 de vie y est excellente et, lors de votre s\u00e9jour, vous pourrez d\u00e9couvrir les plaisirs typiquement fran\u00e7ais : une gastronomie raffin\u00e9e, de superbes paysages et, en Alsace, un art de vivre d\u00e9tendu.<\/p>\n\n\n\n<p>N\u2019oubliez pas que les cours CELTA sont particuli\u00e8rement intensifs. Si c\u2019est votre premi\u00e8re visite \u00e0 Strasbourg, pr\u00e9voyez du temps avant ou apr\u00e8s votre cours pour explorer la ville ; vous n\u2019aurez probablement pas beaucoup de temps libre pendant le cours CELTA !<\/p>\n\n\n\n<div class=\"wp-block-columns is-layout-flex wp-container-core-columns-is-layout-28f84493 wp-block-columns-is-layout-flex\">\n<div class=\"wp-block-column is-layout-flow wp-block-column-is-layout-flow\" style=\"flex-basis:100%\"><\/div>\n<\/div>\n\n\n\n<div class=\"wp-block-columns yt-size-owl is-layout-flex wp-container-core-columns-is-layout-28f84493 wp-block-columns-is-layout-flex\">\n<div class=\"wp-block-column is-layout-flow wp-block-column-is-layout-flow\" style=\"flex-basis:50%\">\n<figure class=\"wp-block-embed is-type-video is-provider-youtube wp-block-embed-youtube wp-embed-aspect-16-9 wp-has-aspect-ratio\"><div class=\"wp-block-embed__wrapper\">\n<iframe loading=\"lazy\" title=\"Neil has lunch.mpeg\" width=\"500\" height=\"281\" src=\"https:\/\/www.youtube.com\/embed\/Apl6JexOnRU?feature=oembed\" frameborder=\"0\" allow=\"accelerometer; autoplay; clipboard-write; encrypted-media; gyroscope; picture-in-picture; web-share\" referrerpolicy=\"strict-origin-when-cross-origin\" allowfullscreen><\/iframe>\n<\/div><\/figure>\n<\/div>\n\n\n\n<div class=\"wp-block-column is-layout-flow wp-block-column-is-layout-flow\" style=\"flex-basis:50%\">\n<figure class=\"wp-block-embed is-type-video is-provider-youtube wp-block-embed-youtube wp-embed-aspect-4-3 wp-has-aspect-ratio\"><div class=\"wp-block-embed__wrapper\">\n<iframe loading=\"lazy\" title=\"Neil &amp; Jane walkabout the Pole\" width=\"500\" height=\"375\" src=\"https:\/\/www.youtube.com\/embed\/tkKV8EDPjq4?feature=oembed\" frameborder=\"0\" allow=\"accelerometer; autoplay; clipboard-write; encrypted-media; gyroscope; picture-in-picture; web-share\" referrerpolicy=\"strict-origin-when-cross-origin\" allowfullscreen><\/iframe>\n<\/div><\/figure>\n<\/div>\n<\/div>","protected":false},"excerpt":{"rendered":"<p>The Strasbourg Chamber of Commerce with its Centre of International Language Learning has been offering classes in English to all types of people from the unemployed to company heads for over 30 years. It is the most important centre in the east of France for all Cambridge exams, including FCE, KET, CPE and ILEC. The [&hellip;]<\/p>\n","protected":false},"author":1,"featured_media":0,"parent":0,"menu_order":1,"comment_status":"closed","ping_status":"closed","template":"template-page_no_title","meta":{"footnotes":""},"class_list":["post-60","page","type-page","status-publish","hentry"],"_links":{"self":[{"href":"https:\/\/strasbourg.theelthub.com\/fr\/wp-json\/wp\/v2\/pages\/60","targetHints":{"allow":["GET"]}}],"collection":[{"href":"https:\/\/strasbourg.theelthub.com\/fr\/wp-json\/wp\/v2\/pages"}],"about":[{"href":"https:\/\/strasbourg.theelthub.com\/fr\/wp-json\/wp\/v2\/types\/page"}],"author":[{"embeddable":true,"href":"https:\/\/strasbourg.theelthub.com\/fr\/wp-json\/wp\/v2\/users\/1"}],"replies":[{"embeddable":true,"href":"https:\/\/strasbourg.theelthub.com\/fr\/wp-json\/wp\/v2\/comments?post=60"}],"version-history":[{"count":4,"href":"https:\/\/strasbourg.theelthub.com\/fr\/wp-json\/wp\/v2\/pages\/60\/revisions"}],"predecessor-version":[{"id":1933,"href":"https:\/\/strasbourg.theelthub.com\/fr\/wp-json\/wp\/v2\/pages\/60\/revisions\/1933"}],"wp:attachment":[{"href":"https:\/\/strasbourg.theelthub.com\/fr\/wp-json\/wp\/v2\/media?parent=60"}],"curies":[{"name":"wp","href":"https:\/\/api.w.org\/{rel}","templated":true}]}}